{"id":1537,"date":"2020-01-28T16:34:05","date_gmt":"2020-01-28T15:34:05","guid":{"rendered":"http:\/\/burkhard-group.com\/resultats-de-la-recherche\/"},"modified":"2022-01-21T14:52:29","modified_gmt":"2022-01-21T13:52:29","slug":"resultats-de-la-recherche","status":"publish","type":"page","link":"https:\/\/burkhard-group.com\/fr\/resultats-de-la-recherche\/","title":{"rendered":"R\u00e9sultats de la recherche"},"content":{"rendered":"<div class=\"wpb-content-wrapper\"><p>[vc_row][vc_column]<div class=\"ult-spacer spacer-69f4306ce9b2d\" data-id=\"69f4306ce9b2d\" data-height=\"35\" data-height-mobile=\"35\" data-height-tab=\"35\" data-height-tab-portrait=\"\" data-height-mobile-landscape=\"\" style=\"clear:both;display:block;\"><\/div>[\/vc_column][\/vc_row][vc_row el_id=\u00a0\u00bbsearch-results-wrapper\u00a0\u00bb][vc_column]<style type=\"text\/css\" data-type=\"the7_shortcodes-inline-css\">.blog-shortcode.blog-list-shortcode-id-f6471401f40cf51c3d4f3606ebd6ca32.dividers-on.classic-layout-list article {\n  margin-top: 50px;\n  padding-top: 0;\n}\n.blog-shortcode.blog-list-shortcode-id-f6471401f40cf51c3d4f3606ebd6ca32.dividers-on.classic-layout-list article:first-of-type {\n  margin-top: 0;\n  padding-top: 0;\n}\n.blog-shortcode.blog-list-shortcode-id-f6471401f40cf51c3d4f3606ebd6ca32.classic-layout-list.mode-list .post-thumbnail-wrap {\n  width: 50%;\n}\n.blog-shortcode.blog-list-shortcode-id-f6471401f40cf51c3d4f3606ebd6ca32.classic-layout-list.mode-list .post-entry-content {\n  width: calc(100% - 50%);\n}\n.blog-shortcode.blog-list-shortcode-id-f6471401f40cf51c3d4f3606ebd6ca32.classic-layout-list.mode-list .no-img .post-entry-content {\n  width: 100%;\n}\n.blog-shortcode.blog-list-shortcode-id-f6471401f40cf51c3d4f3606ebd6ca32 .filter-bg-decoration .filter-categories a.act {\n  color: #fff;\n}\n.blog-shortcode.blog-list-shortcode-id-f6471401f40cf51c3d4f3606ebd6ca32:not(.mode-masonry) article {\n  margin-top: 50px;\n}\n.blog-shortcode.blog-list-shortcode-id-f6471401f40cf51c3d4f3606ebd6ca32:not(.mode-masonry) article:first-of-type,\n.blog-shortcode.blog-list-shortcode-id-f6471401f40cf51c3d4f3606ebd6ca32:not(.mode-masonry) article.visible.first:not(.product) {\n  margin-top: 0;\n}\n.blog-shortcode.blog-list-shortcode-id-f6471401f40cf51c3d4f3606ebd6ca32.dividers-on:not(.mode-masonry) article {\n  margin-top: 0;\n  padding-top: 50px;\n}\n.blog-shortcode.blog-list-shortcode-id-f6471401f40cf51c3d4f3606ebd6ca32.dividers-on:not(.mode-masonry) article:first-of-type,\n.blog-shortcode.blog-list-shortcode-id-f6471401f40cf51c3d4f3606ebd6ca32.dividers-on:not(.mode-masonry) article.visible.first:not(.product) {\n  margin-top: 0;\n  padding-top: 0;\n}\n.blog-shortcode.blog-list-shortcode-id-f6471401f40cf51c3d4f3606ebd6ca32 .post-thumbnail-wrap {\n  padding: 0px 0px 0px 0px;\n}\n.blog-shortcode.blog-list-shortcode-id-f6471401f40cf51c3d4f3606ebd6ca32.enable-bg-rollover .post-thumbnail-rollover:after {\n  background: -webkit-linear-gradient();\n  background: linear-gradient();\n}\n.blog-shortcode.blog-list-shortcode-id-f6471401f40cf51c3d4f3606ebd6ca32 .gallery-zoom-ico {\n  width: 44px;\n  height: 44px;\n  line-height: 44px;\n  border-radius: 100px;\n  margin: -22px 0 0 -22px;\n  border-width: 0px;\n  color: #ffffff;\n}\n.bottom-overlap-layout-list.blog-shortcode.blog-list-shortcode-id-f6471401f40cf51c3d4f3606ebd6ca32 .gallery-zoom-ico {\n  margin-top: -22px;\n}\n.gradient-overlay-layout-list.blog-shortcode.blog-list-shortcode-id-f6471401f40cf51c3d4f3606ebd6ca32 .gallery-zoom-ico,\n.content-rollover-layout-list.blog-shortcode.blog-list-shortcode-id-f6471401f40cf51c3d4f3606ebd6ca32 .gallery-zoom-ico {\n  margin: 0 0 10px;\n}\n.content-align-center.gradient-overlay-layout-list.blog-shortcode.blog-list-shortcode-id-f6471401f40cf51c3d4f3606ebd6ca32 .gallery-zoom-ico,\n.content-align-center.content-rollover-layout-list.blog-shortcode.blog-list-shortcode-id-f6471401f40cf51c3d4f3606ebd6ca32 .gallery-zoom-ico {\n  margin: 0 auto 10px;\n}\n.dt-icon-bg-on.blog-shortcode.blog-list-shortcode-id-f6471401f40cf51c3d4f3606ebd6ca32 .gallery-zoom-ico {\n  background: rgba(255,255,255,0.3);\n  box-shadow: none;\n}\n.blog-shortcode.blog-list-shortcode-id-f6471401f40cf51c3d4f3606ebd6ca32 .gallery-zoom-ico > span,\n.blog-shortcode.blog-list-shortcode-id-f6471401f40cf51c3d4f3606ebd6ca32 .gallery-zoom-ico:before {\n  font-size: 32px;\n  line-height: 44px;\n}\n.blog-shortcode.blog-list-shortcode-id-f6471401f40cf51c3d4f3606ebd6ca32 .gallery-zoom-ico > span,\n.blog-shortcode.blog-list-shortcode-id-f6471401f40cf51c3d4f3606ebd6ca32 .gallery-zoom-ico:before {\n  color: #ffffff;\n}\n.blog-shortcode.blog-list-shortcode-id-f6471401f40cf51c3d4f3606ebd6ca32 .fancy-date a {\n  background: #ffffff;\n  box-shadow: none;\n}\n.blog-shortcode.blog-list-shortcode-id-f6471401f40cf51c3d4f3606ebd6ca32 .fancy-date a * {\n  color: #2d2d2d;\n}\n.blog-shortcode.blog-list-shortcode-id-f6471401f40cf51c3d4f3606ebd6ca32 .entry-title,\n.blog-shortcode.blog-list-shortcode-id-f6471401f40cf51c3d4f3606ebd6ca32.owl-carousel .entry-title {\n  margin-bottom: 5px;\n  font-weight: bold;\n}\n.blog-shortcode.blog-list-shortcode-id-f6471401f40cf51c3d4f3606ebd6ca32 .entry-meta {\n  margin-bottom: 15px;\n}\n.blog-shortcode.blog-list-shortcode-id-f6471401f40cf51c3d4f3606ebd6ca32 .portfolio-categories {\n  margin-bottom: 15px;\n}\n.blog-shortcode.blog-list-shortcode-id-f6471401f40cf51c3d4f3606ebd6ca32 .entry-excerpt {\n  margin-bottom: 5px;\n}\n.blog-shortcode.blog-list-shortcode-id-f6471401f40cf51c3d4f3606ebd6ca32:not(.centered-layout-list) .post-entry-content {\n  padding: 25px 30px 30px 30px;\n}\n.blog-shortcode.blog-list-shortcode-id-f6471401f40cf51c3d4f3606ebd6ca32:not(.centered-layout-list):not(.content-bg-on):not(.mode-list) .no-img .post-entry-content {\n  padding: 0;\n}\n@media screen and (max-width: 768px) {\n  .blog-shortcode.blog-list-shortcode-id-f6471401f40cf51c3d4f3606ebd6ca32 article {\n    -ms-flex-flow: column nowrap;\n    flex-flow: column nowrap;\n    margin-top: 20px;\n  }\n  .blog-shortcode.blog-list-shortcode-id-f6471401f40cf51c3d4f3606ebd6ca32.dividers-on article {\n    border: none;\n  }\n  .blog-shortcode.blog-list-shortcode-id-f6471401f40cf51c3d4f3606ebd6ca32.content-bg-on.centered-layout-list article {\n    padding: 0;\n  }\n  .blog-shortcode.blog-list-shortcode-id-f6471401f40cf51c3d4f3606ebd6ca32.blog-shortcode.dividers-on article,\n  .blog-shortcode.blog-list-shortcode-id-f6471401f40cf51c3d4f3606ebd6ca32.dividers-on.classic-layout-list article {\n    margin-top: 20px;\n    padding: 0;\n  }\n  .blog-shortcode.blog-list-shortcode-id-f6471401f40cf51c3d4f3606ebd6ca32.blog-shortcode.dividers-on article:first-of-type,\n  .blog-shortcode.blog-list-shortcode-id-f6471401f40cf51c3d4f3606ebd6ca32.dividers-on.classic-layout-list article:first-of-type {\n    padding: 0;\n  }\n  #page .blog-shortcode.blog-list-shortcode-id-f6471401f40cf51c3d4f3606ebd6ca32 .post-thumbnail-wrap,\n  #page .blog-shortcode.blog-list-shortcode-id-f6471401f40cf51c3d4f3606ebd6ca32 .post-entry-content {\n    width: 100%;\n    margin: 0;\n    top: 0;\n  }\n  #page .blog-shortcode.blog-list-shortcode-id-f6471401f40cf51c3d4f3606ebd6ca32 .post-thumbnail-wrap {\n    padding: 0;\n  }\n  #page .blog-shortcode.blog-list-shortcode-id-f6471401f40cf51c3d4f3606ebd6ca32 .post-entry-content:after {\n    display: none;\n  }\n  #page .blog-shortcode.blog-list-shortcode-id-f6471401f40cf51c3d4f3606ebd6ca32 .project-even .post-thumbnail-wrap,\n  #page .blog-shortcode.blog-list-shortcode-id-f6471401f40cf51c3d4f3606ebd6ca32.centered-layout-list .post-thumbnail-wrap {\n    -ms-flex-order: 0;\n    order: 0;\n  }\n  #page .blog-shortcode.blog-list-shortcode-id-f6471401f40cf51c3d4f3606ebd6ca32.centered-layout-list .post-entry-title-content {\n    -ms-flex-order: 1;\n    order: 1;\n    width: 100%;\n    padding: 20px 20px 0;\n  }\n  #page .blog-shortcode.blog-list-shortcode-id-f6471401f40cf51c3d4f3606ebd6ca32.centered-layout-list .post-entry-content {\n    -ms-flex-order: 2;\n    order: 2;\n    padding-top: 0;\n  }\n  #page .blog-shortcode.blog-list-shortcode-id-f6471401f40cf51c3d4f3606ebd6ca32 .fancy-categories {\n    top: 10px;\n    left: 10px;\n    bottom: auto;\n    right: auto;\n  }\n  #page .blog-shortcode.blog-list-shortcode-id-f6471401f40cf51c3d4f3606ebd6ca32 .fancy-date a {\n    top: 10px;\n    right: 10px;\n    left: auto;\n    bottom: auto;\n  }\n  #page .blog-shortcode.blog-list-shortcode-id-f6471401f40cf51c3d4f3606ebd6ca32 .post-entry-content {\n    padding: 20px;\n  }\n  #page .blog-shortcode.blog-list-shortcode-id-f6471401f40cf51c3d4f3606ebd6ca32 .entry-title {\n    margin: 3px 0 5px;\n    font-size: 20px;\n    line-height: 26px;\n  }\n  #page .blog-shortcode.blog-list-shortcode-id-f6471401f40cf51c3d4f3606ebd6ca32 .entry-meta {\n    margin: 5px 0 5px;\n  }\n  #page .blog-shortcode.blog-list-shortcode-id-f6471401f40cf51c3d4f3606ebd6ca32 .entry-excerpt {\n    margin: 15px 0 0;\n  }\n  #page .blog-shortcode.blog-list-shortcode-id-f6471401f40cf51c3d4f3606ebd6ca32 .post-details {\n    margin: 5px 0 10px;\n  }\n  #page .blog-shortcode.blog-list-shortcode-id-f6471401f40cf51c3d4f3606ebd6ca32 .post-details.details-type-link {\n    margin-bottom: 2px;\n  }\n}\n<\/style><div class=\"articles-list blog-shortcode mode-list blog-list-shortcode-id-f6471401f40cf51c3d4f3606ebd6ca32 classic-layout-list jquery-filter dt-icon-bg-off loading-effect-fade-in\" data-cur-page=\"1\" data-post-limit=\"-1\" data-pagination-mode=\"none\"><article class=\"post project-odd visible post-1769 type-post status-publish format-standard has-post-thumbnail hentry category-a-venir category-42 description-off\" data-name=\"Kaufbeurer Ausbildungstag 2020\" data-date=\"2020-01-27T15:56:07+01:00\">\n\n<div class=\"post-thumbnail-wrap\">\n\t<div class=\"post-thumbnail\">\n\n\t\t\n\t\t\n\t\t<a href=\"https:\/\/burkhard-group.com\/fr\/kaufbeurer-ausbildungstag-2020\/\" class=\"post-thumbnail-rollover layzr-bg layzr-bg\" ><img fetchpriority=\"high\" decoding=\"async\" class=\"blog-thumb-lazy-load preload-me lazy-load aspect\" src=\"data:image\/svg+xml,%3Csvg%20xmlns%3D&#39;http%3A%2F%2Fwww.w3.org%2F2000%2Fsvg&#39;%20viewBox%3D&#39;0%200%20688%20458&#39;%2F%3E\" data-src=\"https:\/\/burkhard-group.com\/wp-content\/uploads\/2020\/01\/Kaufbeurer_Ausbildungstag-688x458.jpg\" data-srcset=\"https:\/\/burkhard-group.com\/wp-content\/uploads\/2020\/01\/Kaufbeurer_Ausbildungstag-688x458.jpg 688w, https:\/\/burkhard-group.com\/wp-content\/uploads\/2020\/01\/Kaufbeurer_Ausbildungstag-689x459.jpg 689w\" loading=\"eager\" style=\"--ratio: 688 \/ 458\" sizes=\"(max-width: 688px) 100vw, 688px\" alt=\"\" title=\"Kaufbeurer_Ausbildungstag\" width=\"688\" height=\"458\"  \/><\/a>\n\t<\/div>\n<\/div>\n\n\n<div class=\"post-entry-content\">\n\n\t<h3 class=\"entry-title\">\n\t\t<a href=\"https:\/\/burkhard-group.com\/fr\/kaufbeurer-ausbildungstag-2020\/\" title=\"Kaufbeurer Ausbildungstag 2020\" rel=\"bookmark\">Kaufbeurer Ausbildungstag 2020<\/a>\n\t<\/h3>\n\n\t\n\t<div class=\"entry-excerpt\"><p>[vc_row][vc_column][vc_column_text]Datum: 23.05.2020 Uhrzeit: 10:00 Uhr &#8211; 14:00 Uhr Wo: Erdgas Schwaben Arena Kaufbeuren Auch in diesem Jahr sind wir wieder auf dem Kaufbeurer Ausbildungstag vertreten. Dieser findet in diesem Jahr schon am 23.05.2020 in der Erdgas Schwaben Arena, Bahnhofstr. 18 in Kaufbeuren statt. Wir werden dort mit unseren Auszubildenden und Ausbildern vor Ort sein. &nbsp;&hellip;<\/p>\n<\/div>\n\t\n<a href=\"https:\/\/burkhard-group.com\/fr\/kaufbeurer-ausbildungstag-2020\/\" class=\"post-details details-type-link\" aria-label=\"En savoir plus sur Kaufbeurer Ausbildungstag 2020\">Lire la suite<i class=\"dt-icon-the7-arrow-03\" aria-hidden=\"true\"><\/i><\/a>\n\n<\/div><\/article><article class=\"post project-odd visible post-1777 type-post status-publish format-standard has-post-thumbnail hentry category-termine category-41 description-off\" data-name=\"Berufs-Info-Tag 2020\" data-date=\"2020-01-17T15:56:34+01:00\">\n\n<div class=\"post-thumbnail-wrap\">\n\t<div class=\"post-thumbnail\">\n\n\t\t\n\t\t\n\t\t<a href=\"https:\/\/burkhard-group.com\/fr\/berufs-info-tag-2020\/\" class=\"post-thumbnail-rollover layzr-bg layzr-bg\" ><img decoding=\"async\" class=\"blog-thumb-lazy-load preload-me lazy-load aspect\" src=\"data:image\/svg+xml,%3Csvg%20xmlns%3D&#39;http%3A%2F%2Fwww.w3.org%2F2000%2Fsvg&#39;%20viewBox%3D&#39;0%200%20768%20512&#39;%2F%3E\" data-src=\"https:\/\/burkhard-group.com\/wp-content\/uploads\/2020\/01\/Sparkasse_2020-768x512.jpg\" data-srcset=\"https:\/\/burkhard-group.com\/wp-content\/uploads\/2020\/01\/Sparkasse_2020-768x512.jpg 768w, https:\/\/burkhard-group.com\/wp-content\/uploads\/2020\/01\/Sparkasse_2020-1024x682.jpg 1024w\" loading=\"eager\" style=\"--ratio: 768 \/ 512\" sizes=\"(max-width: 768px) 100vw, 768px\" alt=\"\" title=\"Sparkasse_2020\" width=\"768\" height=\"512\"  \/><\/a>\n\t<\/div>\n<\/div>\n\n\n<div class=\"post-entry-content\">\n\n\t<h3 class=\"entry-title\">\n\t\t<a href=\"https:\/\/burkhard-group.com\/fr\/berufs-info-tag-2020\/\" title=\"Berufs-Info-Tag 2020\" rel=\"bookmark\">Berufs-Info-Tag 2020<\/a>\n\t<\/h3>\n\n\t\n\t<div class=\"entry-excerpt\"><p>[vc_row][vc_column][vc_column_text]Datum: 26.01.2020 Uhrzeit: 10:00 Uhr &#8211; 15:30 Uhr Wo: Sparkasse Kaufbeuren Auch dieses Jahr waren wir wieder, am Sonntag den 26.01.2020 mit unserem Stand, auf dem Berufs-Info-Tag in der Kreis- und Stadtsparkasse Kaufbeuren vertreten. Die Vorstellung unserer Ausbildungsberufe auf dem Berufs-Info-Tag in Kaufbeuren ist f\u00fcr BURKHARD so selbstverst\u00e4ndlich wie unsere Verantwortung f\u00fcr das Ausbilden. Vielen&hellip;<\/p>\n<\/div>\n\t\n<a href=\"https:\/\/burkhard-group.com\/fr\/berufs-info-tag-2020\/\" class=\"post-details details-type-link\" aria-label=\"En savoir plus sur Berufs-Info-Tag 2020\">Lire la suite<i class=\"dt-icon-the7-arrow-03\" aria-hidden=\"true\"><\/i><\/a>\n\n<\/div><\/article><article class=\"post project-odd visible post-1788 type-post status-publish format-standard has-post-thumbnail hentry category-termine category-41 description-off\" data-name=\"Blechexpo und Schweisstec in Stuttgart\" data-date=\"2019-11-10T15:57:21+01:00\">\n\n<div class=\"post-thumbnail-wrap\">\n\t<div class=\"post-thumbnail\">\n\n\t\t\n\t\t\n\t\t<a href=\"https:\/\/burkhard-group.com\/fr\/blechexpo-und-schweisstec-in-stuttgart\/\" class=\"post-thumbnail-rollover layzr-bg layzr-bg\" ><img decoding=\"async\" class=\"blog-thumb-lazy-load preload-me lazy-load aspect\" src=\"data:image\/svg+xml,%3Csvg%20xmlns%3D&#39;http%3A%2F%2Fwww.w3.org%2F2000%2Fsvg&#39;%20viewBox%3D&#39;0%200%20768%20512&#39;%2F%3E\" data-src=\"https:\/\/burkhard-group.com\/wp-content\/uploads\/2019\/09\/schweisstec-blechexpo-11-2019-2-768x512.jpg\" data-srcset=\"https:\/\/burkhard-group.com\/wp-content\/uploads\/2019\/09\/schweisstec-blechexpo-11-2019-2-768x512.jpg 768w, https:\/\/burkhard-group.com\/wp-content\/uploads\/2019\/09\/schweisstec-blechexpo-11-2019-2.jpg 900w\" loading=\"eager\" style=\"--ratio: 768 \/ 512\" sizes=\"(max-width: 768px) 100vw, 768px\" alt=\"\" title=\"schweisstec-blechexpo-11-2019\" width=\"768\" height=\"512\"  \/><\/a>\n\t<\/div>\n<\/div>\n\n\n<div class=\"post-entry-content\">\n\n\t<h3 class=\"entry-title\">\n\t\t<a href=\"https:\/\/burkhard-group.com\/fr\/blechexpo-und-schweisstec-in-stuttgart\/\" title=\"Blechexpo und Schweisstec in Stuttgart\" rel=\"bookmark\">Blechexpo und Schweisstec in Stuttgart<\/a>\n\t<\/h3>\n\n\t\n\t<div class=\"entry-excerpt\"><p>[vc_row][vc_column][vc_column_text]Blechexpo und Schweisstec 2019 Datum: 05.11.2019 &#8211; 08.11.2019 Halle: 4 Stand: 4500 Wo: Stuttgart Wir waren vom 05. November bis 08. November 2019 auf der \u201eBlechexpo und Schwei\u00dftec\u201c in Stuttgart in Halle 4, Stand 4500. Die Messe von Weltformat stellte die neuesten Verfahren der Blechbearbeitung vor. BURKHARD war dabei. Das auf die Praxis ausgerichtete Messe-Duo&hellip;<\/p>\n<\/div>\n\t\n<a href=\"https:\/\/burkhard-group.com\/fr\/blechexpo-und-schweisstec-in-stuttgart\/\" class=\"post-details details-type-link\" aria-label=\"En savoir plus sur Blechexpo und Schweisstec in Stuttgart\">Lire la suite<i class=\"dt-icon-the7-arrow-03\" aria-hidden=\"true\"><\/i><\/a>\n\n<\/div><\/article><article class=\"post project-odd visible post-1794 type-post status-publish format-standard has-post-thumbnail hentry category-presse-fr category-43 description-off\" data-name=\"Bundestagsabgeordneter Stephan Stracke bei Burkhard Group\" data-date=\"2019-10-31T15:57:55+01:00\">\n\n<div class=\"post-thumbnail-wrap\">\n\t<div class=\"post-thumbnail\">\n\n\t\t\n\t\t\n\t\t<a href=\"https:\/\/burkhard-group.com\/fr\/bundestagsabgeordneter-stephan-stracke-bei-burkhard-group\/\" class=\"post-thumbnail-rollover layzr-bg layzr-bg\" ><img decoding=\"async\" class=\"blog-thumb-lazy-load preload-me lazy-load aspect\" src=\"data:image\/svg+xml,%3Csvg%20xmlns%3D&#39;http%3A%2F%2Fwww.w3.org%2F2000%2Fsvg&#39;%20viewBox%3D&#39;0%200%20768%20512&#39;%2F%3E\" data-src=\"https:\/\/burkhard-group.com\/wp-content\/uploads\/2019\/10\/Stracke_Besuch-0919-scaled-768x512.jpg\" data-srcset=\"https:\/\/burkhard-group.com\/wp-content\/uploads\/2019\/10\/Stracke_Besuch-0919-scaled-768x512.jpg 768w, https:\/\/burkhard-group.com\/wp-content\/uploads\/2019\/10\/Stracke_Besuch-0919-scaled-1306x870.jpg 1306w\" loading=\"eager\" style=\"--ratio: 768 \/ 512\" sizes=\"(max-width: 768px) 100vw, 768px\" alt=\"\" title=\"Stracke_Besuch-0919\" width=\"768\" height=\"512\"  \/><\/a>\n\t<\/div>\n<\/div>\n\n\n<div class=\"post-entry-content\">\n\n\t<h3 class=\"entry-title\">\n\t\t<a href=\"https:\/\/burkhard-group.com\/fr\/bundestagsabgeordneter-stephan-stracke-bei-burkhard-group\/\" title=\"Bundestagsabgeordneter Stephan Stracke bei Burkhard Group\" rel=\"bookmark\">Bundestagsabgeordneter Stephan Stracke bei Burkhard Group<\/a>\n\t<\/h3>\n\n\t\n\t<div class=\"entry-excerpt\"><p>[vc_row full_width=\u00a0\u00bbstretch_row\u00a0\u00bb][vc_column][vc_column_text] Bekenntnis zum Standort [\/vc_column_text][vc_column_text]Besuch bei der Burkhard Group von Bundestagsabgeordnetem Stephan Stracke zum Gedankenaustausch auf wirtschaftlich-politischer Ebene mit Gesch\u00e4ftsf\u00fchrer Christian Reichert. &nbsp; Ver\u00f6ffentlicht in Allg\u00e4uer Zeitung [\/vc_column_text][\/vc_column][\/vc_row][vc_row][vc_column][vc_single_image image=\u00a0\u00bb1376&Prime; img_size=\u00a0\u00bblarge\u00a0\u00bb onclick=\u00a0\u00bblink_image\u00a0\u00bb][\/vc_column][\/vc_row][vc_row][vc_column][vc_column_text] &nbsp; [\/vc_column_text][\/vc_column][\/vc_row]<\/p>\n<\/div>\n\t\n<a href=\"https:\/\/burkhard-group.com\/fr\/bundestagsabgeordneter-stephan-stracke-bei-burkhard-group\/\" class=\"post-details details-type-link\" aria-label=\"En savoir plus sur Bundestagsabgeordneter Stephan Stracke bei Burkhard Group\">Lire la suite<i class=\"dt-icon-the7-arrow-03\" aria-hidden=\"true\"><\/i><\/a>\n\n<\/div><\/article><article class=\"post project-odd visible post-1805 type-post status-publish format-standard has-post-thumbnail hentry category-termine category-41 description-off\" data-name=\"Kaufbeurer Ausbildungstag\" data-date=\"2019-10-21T15:58:56+02:00\">\n\n<div class=\"post-thumbnail-wrap\">\n\t<div class=\"post-thumbnail\">\n\n\t\t\n\t\t\n\t\t<a href=\"https:\/\/burkhard-group.com\/fr\/kaufbeurer-ausbildungstag\/\" class=\"post-thumbnail-rollover layzr-bg layzr-bg\" ><img decoding=\"async\" class=\"blog-thumb-lazy-load preload-me lazy-load aspect\" src=\"data:image\/svg+xml,%3Csvg%20xmlns%3D&#39;http%3A%2F%2Fwww.w3.org%2F2000%2Fsvg&#39;%20viewBox%3D&#39;0%200%20768%20512&#39;%2F%3E\" data-src=\"https:\/\/burkhard-group.com\/wp-content\/uploads\/2019\/11\/42f3bd3d-0490-4a81-8a8b-280fd1a27049-768x512.jpeg\" data-srcset=\"https:\/\/burkhard-group.com\/wp-content\/uploads\/2019\/11\/42f3bd3d-0490-4a81-8a8b-280fd1a27049-768x512.jpeg 768w, https:\/\/burkhard-group.com\/wp-content\/uploads\/2019\/11\/42f3bd3d-0490-4a81-8a8b-280fd1a27049-1306x870.jpeg 1306w\" loading=\"eager\" style=\"--ratio: 768 \/ 512\" sizes=\"(max-width: 768px) 100vw, 768px\" alt=\"Unsere Ausbilder auf der Messe\" title=\"42f3bd3d-0490-4a81-8a8b-280fd1a27049\" width=\"768\" height=\"512\"  \/><\/a>\n\t<\/div>\n<\/div>\n\n\n<div class=\"post-entry-content\">\n\n\t<h3 class=\"entry-title\">\n\t\t<a href=\"https:\/\/burkhard-group.com\/fr\/kaufbeurer-ausbildungstag\/\" title=\"Kaufbeurer Ausbildungstag\" rel=\"bookmark\">Kaufbeurer Ausbildungstag<\/a>\n\t<\/h3>\n\n\t\n\t<div class=\"entry-excerpt\"><p>[vc_row][vc_column][vc_column_text]Ausbildungsmesse im Stadtsaal Kaufbeuren Datum: 20.10.2019 Uhrzeit: 10:00 Uhr &#8211; 14:00 Uhr Wo: Im Stadtsaal Kaufbeuren Der Kaufbeurer Ausbildungstag fand am 20.10.2019 von 10:00 \u2013 14:00 Uhr im Stadtsaal statt. Der Schnuppertag in den Unternehmen und Institutionen fand am Dienstag den 22.10.2019 statt. Die Vorstellung unserer Ausbildungsberufe auf dem Ausbildungstag in Kaufbeuren ist f\u00fcr BURKHARD&hellip;<\/p>\n<\/div>\n\t\n<a href=\"https:\/\/burkhard-group.com\/fr\/kaufbeurer-ausbildungstag\/\" class=\"post-details details-type-link\" aria-label=\"En savoir plus sur Kaufbeurer Ausbildungstag\">Lire la suite<i class=\"dt-icon-the7-arrow-03\" aria-hidden=\"true\"><\/i><\/a>\n\n<\/div><\/article><article class=\"post project-odd visible post-1799 type-post status-publish format-standard has-post-thumbnail hentry description-off\" data-name=\"Coming 2020\" data-date=\"2019-10-21T15:58:38+02:00\">\n\n<div class=\"post-thumbnail-wrap\">\n\t<div class=\"post-thumbnail\">\n\n\t\t\n\t\t\n\t\t<a href=\"https:\/\/burkhard-group.com\/fr\/coming-2020\/\" class=\"post-thumbnail-rollover layzr-bg layzr-bg\" ><img decoding=\"async\" class=\"blog-thumb-lazy-load preload-me lazy-load aspect\" src=\"data:image\/svg+xml,%3Csvg%20xmlns%3D&#39;http%3A%2F%2Fwww.w3.org%2F2000%2Fsvg&#39;%20viewBox%3D&#39;0%200%20768%20512&#39;%2F%3E\" data-src=\"https:\/\/burkhard-group.com\/wp-content\/uploads\/2020\/04\/Ofen140420-768x512.jpg\" data-srcset=\"https:\/\/burkhard-group.com\/wp-content\/uploads\/2020\/04\/Ofen140420-768x512.jpg 768w, https:\/\/burkhard-group.com\/wp-content\/uploads\/2020\/04\/Ofen140420-1306x870.jpg 1306w\" loading=\"eager\" style=\"--ratio: 768 \/ 512\" sizes=\"(max-width: 768px) 100vw, 768px\" alt=\"\" title=\"Ofen140420\" width=\"768\" height=\"512\"  \/><\/a>\n\t<\/div>\n<\/div>\n\n\n<div class=\"post-entry-content\">\n\n\t<h3 class=\"entry-title\">\n\t\t<a href=\"https:\/\/burkhard-group.com\/fr\/coming-2020\/\" title=\"Coming 2020\" rel=\"bookmark\">Coming 2020<\/a>\n\t<\/h3>\n\n\t\n\t<div class=\"entry-excerpt\"><p>[vc_row][vc_column][vc_column_text] Ein neuer Hoch-Vakuumofen [\/vc_column_text][vc_column_text]Mit der Investition in einen Hoch-Vakuumofen wurde im Oktober 2019 mit nahezu 1 Mio. Euro die gr\u00f6\u00dfte Einzelinvestition in der Firmengeschichte der Burkhard Group get\u00e4tigt. Hiermit k\u00f6nnen wesentlich gr\u00f6\u00dfere und komplexere Bauteile gel\u00f6tet bzw. w\u00e4rmebehandelt werden, wie zum Beispiel Batterieplattformen. Zudem k\u00f6nnen neue Branchen, wie beispielsweise die Luftfahrtindustrie, bedient werden.[\/vc_column_text][\/vc_column][\/vc_row]<\/p>\n<\/div>\n\t\n<a href=\"https:\/\/burkhard-group.com\/fr\/coming-2020\/\" class=\"post-details details-type-link\" aria-label=\"En savoir plus sur Coming 2020\">Lire la suite<i class=\"dt-icon-the7-arrow-03\" aria-hidden=\"true\"><\/i><\/a>\n\n<\/div><\/article><article class=\"post project-odd visible post-1814 type-post status-publish format-standard has-post-thumbnail hentry category-presse-fr category-43 description-off\" data-name=\"Ausbildung in der Region &#8211; Unternehmen stellen ihre Azubis vor\" data-date=\"2019-09-24T15:59:23+02:00\">\n\n<div class=\"post-thumbnail-wrap\">\n\t<div class=\"post-thumbnail\">\n\n\t\t\n\t\t\n\t\t<a href=\"https:\/\/burkhard-group.com\/fr\/ausbildung-in-der-region-unternehmen-stellen-ihre-azubis-vor\/\" class=\"post-thumbnail-rollover layzr-bg layzr-bg\" ><img decoding=\"async\" class=\"blog-thumb-lazy-load preload-me lazy-load aspect\" src=\"data:image\/svg+xml,%3Csvg%20xmlns%3D&#39;http%3A%2F%2Fwww.w3.org%2F2000%2Fsvg&#39;%20viewBox%3D&#39;0%200%20768%20512&#39;%2F%3E\" data-src=\"https:\/\/burkhard-group.com\/wp-content\/uploads\/2019\/09\/Gruppenbild_Treppe-768x512.jpg\" data-srcset=\"https:\/\/burkhard-group.com\/wp-content\/uploads\/2019\/09\/Gruppenbild_Treppe-768x512.jpg 768w, https:\/\/burkhard-group.com\/wp-content\/uploads\/2019\/09\/Gruppenbild_Treppe-1080x719.jpg 1080w\" loading=\"eager\" style=\"--ratio: 768 \/ 512\" sizes=\"(max-width: 768px) 100vw, 768px\" alt=\"\" title=\"Gruppenbild_Treppe\" width=\"768\" height=\"512\"  \/><\/a>\n\t<\/div>\n<\/div>\n\n\n<div class=\"post-entry-content\">\n\n\t<h3 class=\"entry-title\">\n\t\t<a href=\"https:\/\/burkhard-group.com\/fr\/ausbildung-in-der-region-unternehmen-stellen-ihre-azubis-vor\/\" title=\"Ausbildung in der Region &#8211; Unternehmen stellen ihre Azubis vor\" rel=\"bookmark\">Ausbildung in der Region &#8211; Unternehmen stellen ihre Azubis vor<\/a>\n\t<\/h3>\n\n\t\n\t<div class=\"entry-excerpt\"><p>[vc_row][vc_column][vc_column_text] Ausbildung wird gro\u00df geschrieben [\/vc_column_text][vc_column_text]Die Burkhard Group ist mit ihren rund 170 Mitarbeitern ein wichtiger und bedeutender Arbeitgeber in Kaufbeuren und der Region. Die Unternehmensgruppe, die in den letzten Jahren eine solide Wachstumsphase erf\u00e4hrt, ist in drei Firmen gegliedert: die L\u00f6ttechnik, die Schweisstechnik, sowie die Vertriebsgesellschaft. vollen Artikel lesen &nbsp; Ver\u00f6ffentlicht in Allg\u00e4uer Zeitung&hellip;<\/p>\n<\/div>\n\t\n<a href=\"https:\/\/burkhard-group.com\/fr\/ausbildung-in-der-region-unternehmen-stellen-ihre-azubis-vor\/\" class=\"post-details details-type-link\" aria-label=\"En savoir plus sur Ausbildung in der Region &#8211; Unternehmen stellen ihre Azubis vor\">Lire la suite<i class=\"dt-icon-the7-arrow-03\" aria-hidden=\"true\"><\/i><\/a>\n\n<\/div><\/article><article class=\"post project-odd visible post-1825 type-post status-publish format-standard has-post-thumbnail hentry category-presse-fr category-43 description-off\" data-name=\"Er war einer der 69 Abgeschobenen\" data-date=\"2019-08-27T16:00:43+02:00\">\n\n<div class=\"post-thumbnail-wrap\">\n\t<div class=\"post-thumbnail\">\n\n\t\t\n\t\t\n\t\t<a href=\"https:\/\/burkhard-group.com\/fr\/er-war-einer-der-69-abgeschobenen\/\" class=\"post-thumbnail-rollover layzr-bg layzr-bg\" ><img decoding=\"async\" class=\"blog-thumb-lazy-load preload-me lazy-load aspect\" src=\"data:image\/svg+xml,%3Csvg%20xmlns%3D&#39;http%3A%2F%2Fwww.w3.org%2F2000%2Fsvg&#39;%20viewBox%3D&#39;0%200%20768%20512&#39;%2F%3E\" data-src=\"https:\/\/burkhard-group.com\/wp-content\/uploads\/2019\/08\/69_Abgeschoben_aktuell-768x512.jpg\" data-srcset=\"https:\/\/burkhard-group.com\/wp-content\/uploads\/2019\/08\/69_Abgeschoben_aktuell-768x512.jpg 768w, https:\/\/burkhard-group.com\/wp-content\/uploads\/2019\/08\/69_Abgeschoben_aktuell-852x568.jpg 852w\" loading=\"eager\" style=\"--ratio: 768 \/ 512\" sizes=\"(max-width: 768px) 100vw, 768px\" alt=\"\" title=\"69_Abgeschoben_aktuell\" width=\"768\" height=\"512\"  \/><\/a>\n\t<\/div>\n<\/div>\n\n\n<div class=\"post-entry-content\">\n\n\t<h3 class=\"entry-title\">\n\t\t<a href=\"https:\/\/burkhard-group.com\/fr\/er-war-einer-der-69-abgeschobenen\/\" title=\"Er war einer der 69 Abgeschobenen\" rel=\"bookmark\">Er war einer der 69 Abgeschobenen<\/a>\n\t<\/h3>\n\n\t\n\t<div class=\"entry-excerpt\"><p>[vc_row full_width=\u00a0\u00bbstretch_row\u00a0\u00bb][vc_column][vc_column_text] Endlich wieder in Kaufbeuren [\/vc_column_text][vc_column_text]Marof hatte einen guten Job und eine Wohnung in Kaufbeuren. Der Fl\u00fcchtling war voll integriert. Doch das half ihm alles nichts. Am Morgen des 03. Juli 2018 wurde er abgeholt und musste zur\u00fcck nach Afghanistan. Wie ihm jetzt seine R\u00fcckkehr gelungen ist. vollen Artikel lesen &nbsp; Ver\u00f6ffentlicht in Allg\u00e4uer&hellip;<\/p>\n<\/div>\n\t\n<a href=\"https:\/\/burkhard-group.com\/fr\/er-war-einer-der-69-abgeschobenen\/\" class=\"post-details details-type-link\" aria-label=\"En savoir plus sur Er war einer der 69 Abgeschobenen\">Lire la suite<i class=\"dt-icon-the7-arrow-03\" aria-hidden=\"true\"><\/i><\/a>\n\n<\/div><\/article><article class=\"post project-odd visible post-1835 type-post status-publish format-standard has-post-thumbnail hentry category-presse-fr category-43 description-off\" data-name=\"Burkhard setzt auf Verst\u00e4rkung\" data-date=\"2019-03-23T16:01:22+01:00\">\n\n<div class=\"post-thumbnail-wrap\">\n\t<div class=\"post-thumbnail\">\n\n\t\t\n\t\t\n\t\t<a href=\"https:\/\/burkhard-group.com\/fr\/burkhard-setzt-auf-verstaerkung\/\" class=\"post-thumbnail-rollover layzr-bg layzr-bg\" ><img decoding=\"async\" class=\"blog-thumb-lazy-load preload-me lazy-load aspect\" src=\"data:image\/svg+xml,%3Csvg%20xmlns%3D&#39;http%3A%2F%2Fwww.w3.org%2F2000%2Fsvg&#39;%20viewBox%3D&#39;0%200%20720%20480&#39;%2F%3E\" data-src=\"https:\/\/burkhard-group.com\/wp-content\/uploads\/2019\/10\/Burkhard-Group_Neue-GF-720x480.jpg\" data-srcset=\"https:\/\/burkhard-group.com\/wp-content\/uploads\/2019\/10\/Burkhard-Group_Neue-GF-720x480.jpg 720w, https:\/\/burkhard-group.com\/wp-content\/uploads\/2019\/10\/Burkhard-Group_Neue-GF-720x479.jpg 720w\" loading=\"eager\" style=\"--ratio: 720 \/ 480\" sizes=\"(max-width: 720px) 100vw, 720px\" alt=\"Burkhard mise sur le renforcement\" title=\"Burkhard-Groupe_Nouveau-GF\" width=\"720\" height=\"480\"  \/><\/a>\n\t<\/div>\n<\/div>\n\n\n<div class=\"post-entry-content\">\n\n\t<h3 class=\"entry-title\">\n\t\t<a href=\"https:\/\/burkhard-group.com\/fr\/burkhard-setzt-auf-verstaerkung\/\" title=\"Burkhard setzt auf Verst\u00e4rkung\" rel=\"bookmark\">Burkhard setzt auf Verst\u00e4rkung<\/a>\n\t<\/h3>\n\n\t\n\t<div class=\"entry-excerpt\"><p>[vc_row][vc_column][vc_column_text] Christian Reichert zum weiteren Gesch\u00e4ftsf\u00fchrer bestellt [\/vc_column_text][vc_column_text]Die Burkhard-Unternehmensgruppe hat die Gesch\u00e4ftsf\u00fchrung erweitert. Neben dem Alleingesellschafter J\u00fcrgen Burkhard und seiner Frau Tanja Burkhard wurde Christian Reichert zum Gesch\u00e4ftsf\u00fchrer bestellt. \u201eDas Unter-nehmen hat sich in den vergangenen Jahren hervorragend entwickelt und befindet sich weiter auf Wachstumskurs\u201c, sagt J\u00fcrgen Burkhard. vollen Artikel lesen &nbsp; Ver\u00f6ffentlicht in Allg\u00e4uer&hellip;<\/p>\n<\/div>\n\t\n<a href=\"https:\/\/burkhard-group.com\/fr\/burkhard-setzt-auf-verstaerkung\/\" class=\"post-details details-type-link\" aria-label=\"En savoir plus sur Burkhard setzt auf Verst\u00e4rkung\">Lire la suite<i class=\"dt-icon-the7-arrow-03\" aria-hidden=\"true\"><\/i><\/a>\n\n<\/div><\/article><article class=\"post project-odd visible post-1852 type-post status-publish format-standard has-post-thumbnail hentry category-presse-fr category-43 description-off\" data-name=\"Familien blicken bei Burkhard hinter die Kulissen\" data-date=\"2018-11-01T16:02:30+01:00\">\n\n<div class=\"post-thumbnail-wrap\">\n\t<div class=\"post-thumbnail\">\n\n\t\t\n\t\t\n\t\t<a href=\"https:\/\/burkhard-group.com\/fr\/familien-blicken-bei-burkhard-hinter-die-kulissen\/\" class=\"post-thumbnail-rollover layzr-bg layzr-bg\" ><img decoding=\"async\" class=\"blog-thumb-lazy-load preload-me lazy-load aspect\" src=\"data:image\/svg+xml,%3Csvg%20xmlns%3D&#39;http%3A%2F%2Fwww.w3.org%2F2000%2Fsvg&#39;%20viewBox%3D&#39;0%200%20768%20512&#39;%2F%3E\" data-src=\"https:\/\/burkhard-group.com\/wp-content\/uploads\/2018\/11\/Tag_der_offenen_Tuer-768x512.jpg\" data-srcset=\"https:\/\/burkhard-group.com\/wp-content\/uploads\/2018\/11\/Tag_der_offenen_Tuer-768x512.jpg 768w, https:\/\/burkhard-group.com\/wp-content\/uploads\/2018\/11\/Tag_der_offenen_Tuer-1024x682.jpg 1024w\" loading=\"eager\" style=\"--ratio: 768 \/ 512\" sizes=\"(max-width: 768px) 100vw, 768px\" alt=\"Tag der offenen T\u00fcr bei Burkhard\" title=\"Tag_der_offenen_Tuer\" width=\"768\" height=\"512\"  \/><\/a>\n\t<\/div>\n<\/div>\n\n\n<div class=\"post-entry-content\">\n\n\t<h3 class=\"entry-title\">\n\t\t<a href=\"https:\/\/burkhard-group.com\/fr\/familien-blicken-bei-burkhard-hinter-die-kulissen\/\" title=\"Familien blicken bei Burkhard hinter die Kulissen\" rel=\"bookmark\">Familien blicken bei Burkhard hinter die Kulissen<\/a>\n\t<\/h3>\n\n\t\n\t<div class=\"entry-excerpt\"><p>[vc_row][vc_column][vc_column_text] 500 Besucher beim Familientag [\/vc_column_text][vc_column_text]Dem Wunsch vieler Mitarbeiter, dass Ihre Angeh\u00f6rigen einmal die Arbeitspl\u00e4tze anschauen d\u00fcrfen, wurde das Inhaberehepaar J\u00fcrgen und Tanja Burkhard am Familientag gerecht. Sie begr\u00fc\u00dften in den Produktionshallen an der Julius-Probst-Stra\u00dfe in Kaufbeuren \u00fcber 500 Besucher. vollen Artikel lesen &nbsp; Ver\u00f6ffentlicht in der Bayerisch-Schw\u00e4bischen Wirtschaft, Ausgabe 11\/2018[\/vc_column_text][\/vc_column][\/vc_row][vc_row][vc_column][vc_single_image image=\u00a0\u00bb837&Prime; img_size=\u00a0\u00bblarge\u00a0\u00bb onclick=\u00a0\u00bblink_image\u00a0\u00bb][\/vc_column][\/vc_row][vc_row][vc_column][vc_column_text] [\/vc_column_text][\/vc_column][\/vc_row][vc_row][vc_column][vc_column_text]&hellip;<\/p>\n<\/div>\n\t\n<a href=\"https:\/\/burkhard-group.com\/fr\/familien-blicken-bei-burkhard-hinter-die-kulissen\/\" class=\"post-details details-type-link\" aria-label=\"En savoir plus sur Familien blicken bei Burkhard hinter die Kulissen\">Lire la suite<i class=\"dt-icon-the7-arrow-03\" aria-hidden=\"true\"><\/i><\/a>\n\n<\/div><\/article><article class=\"post project-odd visible post-1859 type-post status-publish format-standard has-post-thumbnail hentry category-presse-fr category-43 description-off\" data-name=\"Es gab einen Pakt, keine Arbeitskr\u00e4fte abzuschieben\" data-date=\"2018-09-25T16:02:56+02:00\">\n\n<div class=\"post-thumbnail-wrap\">\n\t<div class=\"post-thumbnail\">\n\n\t\t\n\t\t\n\t\t<a href=\"https:\/\/burkhard-group.com\/fr\/es-gab-einen-pakt-keine-arbeitskraefte-abzuschieben\/\" class=\"post-thumbnail-rollover layzr-bg layzr-bg\" ><img decoding=\"async\" class=\"blog-thumb-lazy-load preload-me lazy-load aspect\" src=\"data:image\/svg+xml,%3Csvg%20xmlns%3D&#39;http%3A%2F%2Fwww.w3.org%2F2000%2Fsvg&#39;%20viewBox%3D&#39;0%200%20768%20512&#39;%2F%3E\" data-src=\"https:\/\/burkhard-group.com\/wp-content\/uploads\/2019\/11\/GroupPPI-768x512.jpg\" data-srcset=\"https:\/\/burkhard-group.com\/wp-content\/uploads\/2019\/11\/GroupPPI-768x512.jpg 768w, https:\/\/burkhard-group.com\/wp-content\/uploads\/2019\/11\/GroupPPI-1306x870.jpg 1306w\" loading=\"eager\" style=\"--ratio: 768 \/ 512\" sizes=\"(max-width: 768px) 100vw, 768px\" alt=\"\" title=\"GroupPPI\" width=\"768\" height=\"512\"  \/><\/a>\n\t<\/div>\n<\/div>\n\n\n<div class=\"post-entry-content\">\n\n\t<h3 class=\"entry-title\">\n\t\t<a href=\"https:\/\/burkhard-group.com\/fr\/es-gab-einen-pakt-keine-arbeitskraefte-abzuschieben\/\" title=\"Es gab einen Pakt, keine Arbeitskr\u00e4fte abzuschieben\" rel=\"bookmark\">Es gab einen Pakt, keine Arbeitskr\u00e4fte abzuschieben<\/a>\n\t<\/h3>\n\n\t\n\t<div class=\"entry-excerpt\"><p>[vc_row][vc_column][vc_column_text] &#8230; der wurde gebrochen [\/vc_column_text][vc_column_text]\u00a0\u00bb&#8230; Muhammed Gul Marof Kail war laut Tanja Burkhard der zuverl\u00e4ssigste unter ihren Arbeitnehmern. \u00ab\u00a0Vier Krankentage in dreieinhalb Jahren\u00a0\u00bb, sagt sie anerkennend. Deshalb sei es ihnen auch sogleich seltsam vorgekommen, als er pl\u00f6tzlich nicht am Arbeitsplatz erschienen ist. Erst andere Gefl\u00fcchtete unter den Mitarbeitern h\u00e4tten sie darauf aufmerksam gemacht, dass&hellip;<\/p>\n<\/div>\n\t\n<a href=\"https:\/\/burkhard-group.com\/fr\/es-gab-einen-pakt-keine-arbeitskraefte-abzuschieben\/\" class=\"post-details details-type-link\" aria-label=\"En savoir plus sur Es gab einen Pakt, keine Arbeitskr\u00e4fte abzuschieben\">Lire la suite<i class=\"dt-icon-the7-arrow-03\" aria-hidden=\"true\"><\/i><\/a>\n\n<\/div><\/article><article class=\"post project-odd visible post-1867 type-post status-publish format-standard has-post-thumbnail hentry category-presse-fr category-43 description-off\" data-name=\"Ein Fest der offenen Worte\" data-date=\"2018-09-17T16:03:20+02:00\">\n\n<div class=\"post-thumbnail-wrap\">\n\t<div class=\"post-thumbnail\">\n\n\t\t\n\t\t\n\t\t<a href=\"https:\/\/burkhard-group.com\/fr\/ein-fest-der-offenen-worte\/\" class=\"post-thumbnail-rollover layzr-bg layzr-bg\" ><img decoding=\"async\" class=\"blog-thumb-lazy-load preload-me lazy-load aspect\" src=\"data:image\/svg+xml,%3Csvg%20xmlns%3D&#39;http%3A%2F%2Fwww.w3.org%2F2000%2Fsvg&#39;%20viewBox%3D&#39;0%200%20768%20512&#39;%2F%3E\" data-src=\"https:\/\/burkhard-group.com\/wp-content\/uploads\/2018\/09\/Fest_der_offenen_Worte-768x512.jpg\" data-srcset=\"https:\/\/burkhard-group.com\/wp-content\/uploads\/2018\/09\/Fest_der_offenen_Worte-768x512.jpg 768w, https:\/\/burkhard-group.com\/wp-content\/uploads\/2018\/09\/Fest_der_offenen_Worte-1024x682.jpg 1024w\" loading=\"eager\" style=\"--ratio: 768 \/ 512\" sizes=\"(max-width: 768px) 100vw, 768px\" alt=\"\" title=\"Fest_der_offenen_Worte\" width=\"768\" height=\"512\"  \/><\/a>\n\t<\/div>\n<\/div>\n\n\n<div class=\"post-entry-content\">\n\n\t<h3 class=\"entry-title\">\n\t\t<a href=\"https:\/\/burkhard-group.com\/fr\/ein-fest-der-offenen-worte\/\" title=\"Ein Fest der offenen Worte\" rel=\"bookmark\">Ein Fest der offenen Worte<\/a>\n\t<\/h3>\n\n\t\n\t<div class=\"entry-excerpt\"><p>[vc_row][vc_column][vc_column_text] Abgeschobener Afghane k\u00f6nnte zur\u00fcck kehren [\/vc_column_text][vc_column_text]M\u00f6glicherweise kehrt der abgeschobene Afghane Marof K. bald mit Visum an seinen Arbeitsplatz in Kaufbeuren zur\u00fcck \u2013 und das ausgerechnet mit R\u00fcckendeckung der CSU. Nachdem \u00fcber den Fall berichtet worden war, stand sein Name bundesweit als Synonym f\u00fcr die harte Abschiebepraxis in Bayern auch gegen \u00fcber integrierten, arbeitenden und&hellip;<\/p>\n<\/div>\n\t\n<a href=\"https:\/\/burkhard-group.com\/fr\/ein-fest-der-offenen-worte\/\" class=\"post-details details-type-link\" aria-label=\"En savoir plus sur Ein Fest der offenen Worte\">Lire la suite<i class=\"dt-icon-the7-arrow-03\" aria-hidden=\"true\"><\/i><\/a>\n\n<\/div><\/article><article class=\"post project-odd visible post-1875 type-post status-publish format-standard has-post-thumbnail hentry category-presse-fr category-43 description-off\" data-name=\"Pressemeldung Fa. Burkhard\" data-date=\"2018-07-17T16:03:46+02:00\">\n\n<div class=\"post-thumbnail-wrap\">\n\t<div class=\"post-thumbnail\">\n\n\t\t\n\t\t\n\t\t<a href=\"https:\/\/burkhard-group.com\/fr\/pressemeldung-fa-burkhard\/\" class=\"post-thumbnail-rollover layzr-bg layzr-bg\" ><img decoding=\"async\" class=\"blog-thumb-lazy-load preload-me lazy-load aspect\" src=\"data:image\/svg+xml,%3Csvg%20xmlns%3D&#39;http%3A%2F%2Fwww.w3.org%2F2000%2Fsvg&#39;%20viewBox%3D&#39;0%200%20768%20512&#39;%2F%3E\" data-src=\"https:\/\/burkhard-group.com\/wp-content\/uploads\/2019\/11\/GroupPPI-768x512.jpg\" data-srcset=\"https:\/\/burkhard-group.com\/wp-content\/uploads\/2019\/11\/GroupPPI-768x512.jpg 768w, https:\/\/burkhard-group.com\/wp-content\/uploads\/2019\/11\/GroupPPI-1306x870.jpg 1306w\" loading=\"eager\" style=\"--ratio: 768 \/ 512\" sizes=\"(max-width: 768px) 100vw, 768px\" alt=\"\" title=\"GroupPPI\" width=\"768\" height=\"512\"  \/><\/a>\n\t<\/div>\n<\/div>\n\n\n<div class=\"post-entry-content\">\n\n\t<h3 class=\"entry-title\">\n\t\t<a href=\"https:\/\/burkhard-group.com\/fr\/pressemeldung-fa-burkhard\/\" title=\"Pressemeldung Fa. Burkhard\" rel=\"bookmark\">Pressemeldung Fa. Burkhard<\/a>\n\t<\/h3>\n\n\t\n\t<div class=\"entry-excerpt\"><p>[vc_row][vc_column][vc_column_text] Statement von J\u00fcrgen Burkhard [\/vc_column_text][vc_column_text]\u00a0\u00bbMein Unternehmen hat wie viele andere in Bayern und Schwaben die Herausforderung der Integration von Fl\u00fcchtlingen in Arbeit gerne angenommen. In Bayern wurden bislang mehr als 60.000 Fl\u00fcchtlinge in Arbeit und 8.000 Fl\u00fcchtlinge in Ausbildung integriert. Das ist weit mehr als in allen anderen Bundesl\u00e4ndern&#8230;\u00a0\u00bb vollen Artikel lesen &nbsp; Ver\u00f6ffentlicht&hellip;<\/p>\n<\/div>\n\t\n<a href=\"https:\/\/burkhard-group.com\/fr\/pressemeldung-fa-burkhard\/\" class=\"post-details details-type-link\" aria-label=\"En savoir plus sur Pressemeldung Fa. Burkhard\">Lire la suite<i class=\"dt-icon-the7-arrow-03\" aria-hidden=\"true\"><\/i><\/a>\n\n<\/div><\/article><article class=\"post project-odd visible post-1883 type-post status-publish format-standard has-post-thumbnail hentry category-presse-fr category-43 description-off\" data-name=\"Firmenchefin zu Abschiebung: \u00ab\u00a0Eine absolute Sauerei\u00a0\u00bb\" data-date=\"2018-07-14T16:04:09+02:00\">\n\n<div class=\"post-thumbnail-wrap\">\n\t<div class=\"post-thumbnail\">\n\n\t\t\n\t\t\n\t\t<a href=\"https:\/\/burkhard-group.com\/fr\/firmenchefin-zu-abschiebung-eine-absolute-sauerei\/\" class=\"post-thumbnail-rollover layzr-bg layzr-bg\" ><img decoding=\"async\" class=\"blog-thumb-lazy-load preload-me lazy-load aspect\" src=\"data:image\/svg+xml,%3Csvg%20xmlns%3D&#39;http%3A%2F%2Fwww.w3.org%2F2000%2Fsvg&#39;%20viewBox%3D&#39;0%200%20768%20512&#39;%2F%3E\" data-src=\"https:\/\/burkhard-group.com\/wp-content\/uploads\/2019\/11\/GroupPPI-768x512.jpg\" data-srcset=\"https:\/\/burkhard-group.com\/wp-content\/uploads\/2019\/11\/GroupPPI-768x512.jpg 768w, https:\/\/burkhard-group.com\/wp-content\/uploads\/2019\/11\/GroupPPI-1306x870.jpg 1306w\" loading=\"eager\" style=\"--ratio: 768 \/ 512\" sizes=\"(max-width: 768px) 100vw, 768px\" alt=\"\" title=\"GroupPPI\" width=\"768\" height=\"512\"  \/><\/a>\n\t<\/div>\n<\/div>\n\n\n<div class=\"post-entry-content\">\n\n\t<h3 class=\"entry-title\">\n\t\t<a href=\"https:\/\/burkhard-group.com\/fr\/firmenchefin-zu-abschiebung-eine-absolute-sauerei\/\" title=\"Firmenchefin zu Abschiebung: \u00ab\u00a0Eine absolute Sauerei\u00a0\u00bb\" rel=\"bookmark\">Firmenchefin zu Abschiebung: \u00ab\u00a0Eine absolute Sauerei\u00a0\u00bb<\/a>\n\t<\/h3>\n\n\t\n\t<div class=\"entry-excerpt\"><p>[vc_row][vc_column][vc_column_text] Es hagelt Kritik [\/vc_column_text][vc_column_text]Im Flieger vergangene Woche sa\u00dfen 16 Afghanen aus Schwaben. Unter ihnen waren viele gut integrierte M\u00e4nner. Jetzt hagelt es Kritik. Seit dreieinhalb Jahren hat Marof G. bei der Kaufbeurer Schwei\u00dftechnik-Firma Burkhard gearbeitet. Als er am Morgen des 4. Juli nicht zur Arbeit erscheint, sind die Kollegen sicher: Ihm muss etwas passiert&hellip;<\/p>\n<\/div>\n\t\n<a href=\"https:\/\/burkhard-group.com\/fr\/firmenchefin-zu-abschiebung-eine-absolute-sauerei\/\" class=\"post-details details-type-link\" aria-label=\"En savoir plus sur Firmenchefin zu Abschiebung: \u00ab\u00a0Eine absolute Sauerei\u00a0\u00bb\">Lire la suite<i class=\"dt-icon-the7-arrow-03\" aria-hidden=\"true\"><\/i><\/a>\n\n<\/div><\/article><article class=\"post project-odd visible post-1891 type-post status-publish format-standard has-post-thumbnail hentry category-presse-fr category-43 description-off\" data-name=\"Interesse an Spr\u00fchkopf\" data-date=\"2016-04-27T16:05:22+02:00\">\n\n<div class=\"post-thumbnail-wrap\">\n\t<div class=\"post-thumbnail\">\n\n\t\t\n\t\t\n\t\t<a href=\"https:\/\/burkhard-group.com\/fr\/interesse-an-spruehkopf\/\" class=\"post-thumbnail-rollover layzr-bg layzr-bg\" ><img decoding=\"async\" class=\"blog-thumb-lazy-load preload-me lazy-load aspect\" src=\"data:image\/svg+xml,%3Csvg%20xmlns%3D&#39;http%3A%2F%2Fwww.w3.org%2F2000%2Fsvg&#39;%20viewBox%3D&#39;0%200%20659%20439&#39;%2F%3E\" data-src=\"https:\/\/burkhard-group.com\/wp-content\/uploads\/2016\/04\/Hannovermesse_Spruehkopf-659x439.jpg\" data-srcset=\"https:\/\/burkhard-group.com\/wp-content\/uploads\/2016\/04\/Hannovermesse_Spruehkopf-659x439.jpg 659w, https:\/\/burkhard-group.com\/wp-content\/uploads\/2016\/04\/Hannovermesse_Spruehkopf-659x438.jpg 659w\" loading=\"eager\" style=\"--ratio: 659 \/ 439\" sizes=\"(max-width: 659px) 100vw, 659px\" alt=\"Hannovermesse Spr\u00fchkopf\" title=\"Hannovermesse_Spruehkopf\" width=\"659\" height=\"439\"  \/><\/a>\n\t<\/div>\n<\/div>\n\n\n<div class=\"post-entry-content\">\n\n\t<h3 class=\"entry-title\">\n\t\t<a href=\"https:\/\/burkhard-group.com\/fr\/interesse-an-spruehkopf\/\" title=\"Interesse an Spr\u00fchkopf\" rel=\"bookmark\">Interesse an Spr\u00fchkopf<\/a>\n\t<\/h3>\n\n\t\n\t<div class=\"entry-excerpt\"><p>[vc_row full_width=\u00a0\u00bbstretch_row\u00a0\u00bb][vc_column][vc_column_text] Hannovermesse &#8211; Burkhard stellt aus [\/vc_column_text][vc_column_text]Die Hannover-Messe gilt als wichtigste Industrie-Messe der Welt. Mit dabei ist die Kaufbeurer Burkhard-Gruppe mit ihrer L\u00f6t-, Schwei\u00dftechnik- und Vertriebssparte. F\u00fcr die Produkte der Allg\u00e4uer interessierte sich am Montag auch Bundesverkehrsminister Alexander Dobrindt, der den Stand besuchte. vollen Artikel lesen &nbsp; Ver\u00f6ffentlicht in Allg\u00e4uer Zeitung am 27.04.2016[\/vc_column_text][\/vc_column][\/vc_row][vc_row][vc_column][vc_single_image image=\u00a0\u00bb1888&Prime;&hellip;<\/p>\n<\/div>\n\t\n<a href=\"https:\/\/burkhard-group.com\/fr\/interesse-an-spruehkopf\/\" class=\"post-details details-type-link\" aria-label=\"En savoir plus sur Interesse an Spr\u00fchkopf\">Lire la suite<i class=\"dt-icon-the7-arrow-03\" aria-hidden=\"true\"><\/i><\/a>\n\n<\/div><\/article><article class=\"post project-odd visible post-1901 type-post status-publish format-standard has-post-thumbnail hentry category-presse-fr category-43 description-off\" data-name=\"Tempo, Tempo\" data-date=\"2014-08-03T16:05:53+02:00\">\n\n<div class=\"post-thumbnail-wrap\">\n\t<div class=\"post-thumbnail\">\n\n\t\t\n\t\t\n\t\t<a href=\"https:\/\/burkhard-group.com\/fr\/tempo-tempo\/\" class=\"post-thumbnail-rollover layzr-bg layzr-bg\" ><img decoding=\"async\" class=\"blog-thumb-lazy-load preload-me lazy-load aspect\" src=\"data:image\/svg+xml,%3Csvg%20xmlns%3D&#39;http%3A%2F%2Fwww.w3.org%2F2000%2Fsvg&#39;%20viewBox%3D&#39;0%200%20768%20512&#39;%2F%3E\" data-src=\"https:\/\/burkhard-group.com\/wp-content\/uploads\/2019\/11\/HP_roboterschweisszelle-e1574085876720-scaled-768x512.jpg\" data-srcset=\"https:\/\/burkhard-group.com\/wp-content\/uploads\/2019\/11\/HP_roboterschweisszelle-e1574085876720-scaled-768x512.jpg 768w, https:\/\/burkhard-group.com\/wp-content\/uploads\/2019\/11\/HP_roboterschweisszelle-e1574085876720-scaled-1306x870.jpg 1306w\" loading=\"eager\" style=\"--ratio: 768 \/ 512\" sizes=\"(max-width: 768px) 100vw, 768px\" alt=\"\" title=\"HP_roboterschweisszelle\" width=\"768\" height=\"512\"  \/><\/a>\n\t<\/div>\n<\/div>\n\n\n<div class=\"post-entry-content\">\n\n\t<h3 class=\"entry-title\">\n\t\t<a href=\"https:\/\/burkhard-group.com\/fr\/tempo-tempo\/\" title=\"Tempo, Tempo\" rel=\"bookmark\">Tempo, Tempo<\/a>\n\t<\/h3>\n\n\t\n\t<div class=\"entry-excerpt\"><p>[vc_row full_width=\u00a0\u00bbstretch_row\u00a0\u00bb][vc_column][vc_column_text] Die Kaufbeurer Burkhard-Gruppe expandiert kr\u00e4ftig. Neue Montagelinie eingeweiht [\/vc_column_text][vc_column_text]Kaum ein Jahr vergeht bei der Firmengruppe Burkhard ohne Ver\u00e4nderungen. Mitte der 1990er Jahre begann Firmengr\u00fcnder Joseph Burkhard mit einem Zweimannbetrieb im Innovapark. Die folgenden fast zwei Jahrzehnte waren von kr\u00e4ftigem Wachstum gepr\u00e4gt. vollen Artikel lesen &nbsp; Ver\u00f6ffentlicht in Allg\u00e4uer Zeitung am 03.08.2014[\/vc_column_text][\/vc_column][\/vc_row][vc_row][vc_column][vc_single_image image=\u00a0\u00bb1896&Prime; img_size=\u00a0\u00bblarge\u00a0\u00bb&hellip;<\/p>\n<\/div>\n\t\n<a href=\"https:\/\/burkhard-group.com\/fr\/tempo-tempo\/\" class=\"post-details details-type-link\" aria-label=\"En savoir plus sur Tempo, Tempo\">Lire la suite<i class=\"dt-icon-the7-arrow-03\" aria-hidden=\"true\"><\/i><\/a>\n\n<\/div><\/article><article class=\"post project-odd visible post-1911 type-post status-publish format-standard has-post-thumbnail hentry category-presse-fr category-43 description-off\" data-name=\"Kaufbeuren statt Barcelona\" data-date=\"2014-07-12T16:06:22+02:00\">\n\n<div class=\"post-thumbnail-wrap\">\n\t<div class=\"post-thumbnail\">\n\n\t\t\n\t\t\n\t\t<a href=\"https:\/\/burkhard-group.com\/fr\/kaufbeuren-statt-barcelona\/\" class=\"post-thumbnail-rollover layzr-bg layzr-bg\" ><img decoding=\"async\" class=\"blog-thumb-lazy-load preload-me lazy-load aspect\" src=\"data:image\/svg+xml,%3Csvg%20xmlns%3D&#39;http%3A%2F%2Fwww.w3.org%2F2000%2Fsvg&#39;%20viewBox%3D&#39;0%200%20768%20512&#39;%2F%3E\" data-src=\"https:\/\/burkhard-group.com\/wp-content\/uploads\/2019\/11\/GroupPPI-768x512.jpg\" data-srcset=\"https:\/\/burkhard-group.com\/wp-content\/uploads\/2019\/11\/GroupPPI-768x512.jpg 768w, https:\/\/burkhard-group.com\/wp-content\/uploads\/2019\/11\/GroupPPI-1306x870.jpg 1306w\" loading=\"eager\" style=\"--ratio: 768 \/ 512\" sizes=\"(max-width: 768px) 100vw, 768px\" alt=\"\" title=\"GroupPPI\" width=\"768\" height=\"512\"  \/><\/a>\n\t<\/div>\n<\/div>\n\n\n<div class=\"post-entry-content\">\n\n\t<h3 class=\"entry-title\">\n\t\t<a href=\"https:\/\/burkhard-group.com\/fr\/kaufbeuren-statt-barcelona\/\" title=\"Kaufbeuren statt Barcelona\" rel=\"bookmark\">Kaufbeuren statt Barcelona<\/a>\n\t<\/h3>\n\n\t\n\t<div class=\"entry-excerpt\"><p>[vc_row full_width=\u00a0\u00bbstretch_row\u00a0\u00bb][vc_column][vc_column_text] Die Spanierin Raquel Rodriguez startet bei der Burkhard-Gruppe in den Beruf [\/vc_column_text][vc_column_text]Das Projekt soll nicht nur die beruflichen Chancen von Spaniern verbessern; die bayerischen Metall- und Elektro-Arbeitgeberverb\u00e4nde sowie die Vereinigung der Bayerischen Wirtschaft wollen damit auch dem Fachkr\u00e4ftemangel in Deutschland vorbeugen:Zahlreiche junge Spanier zwischen 18 und 30 Jahren absolvieren daher in bayerischen Unternehmen&hellip;<\/p>\n<\/div>\n\t\n<a href=\"https:\/\/burkhard-group.com\/fr\/kaufbeuren-statt-barcelona\/\" class=\"post-details details-type-link\" aria-label=\"En savoir plus sur Kaufbeuren statt Barcelona\">Lire la suite<i class=\"dt-icon-the7-arrow-03\" aria-hidden=\"true\"><\/i><\/a>\n\n<\/div><\/article><article class=\"post project-odd visible post-1918 type-post status-publish format-standard has-post-thumbnail hentry category-presse-fr category-43 description-off\" data-name=\"Investitionen bei Burkhard\" data-date=\"2014-02-01T16:06:45+01:00\">\n\n<div class=\"post-thumbnail-wrap\">\n\t<div class=\"post-thumbnail\">\n\n\t\t\n\t\t\n\t\t<a href=\"https:\/\/burkhard-group.com\/fr\/investitionen-bei-burkhard\/\" class=\"post-thumbnail-rollover layzr-bg layzr-bg\" ><img decoding=\"async\" class=\"blog-thumb-lazy-load preload-me lazy-load aspect\" src=\"data:image\/svg+xml,%3Csvg%20xmlns%3D&#39;http%3A%2F%2Fwww.w3.org%2F2000%2Fsvg&#39;%20viewBox%3D&#39;0%200%20768%20512&#39;%2F%3E\" data-src=\"https:\/\/burkhard-group.com\/wp-content\/uploads\/2019\/11\/GroupPPI-768x512.jpg\" data-srcset=\"https:\/\/burkhard-group.com\/wp-content\/uploads\/2019\/11\/GroupPPI-768x512.jpg 768w, https:\/\/burkhard-group.com\/wp-content\/uploads\/2019\/11\/GroupPPI-1306x870.jpg 1306w\" loading=\"eager\" style=\"--ratio: 768 \/ 512\" sizes=\"(max-width: 768px) 100vw, 768px\" alt=\"\" title=\"GroupPPI\" width=\"768\" height=\"512\"  \/><\/a>\n\t<\/div>\n<\/div>\n\n\n<div class=\"post-entry-content\">\n\n\t<h3 class=\"entry-title\">\n\t\t<a href=\"https:\/\/burkhard-group.com\/fr\/investitionen-bei-burkhard\/\" title=\"Investitionen bei Burkhard\" rel=\"bookmark\">Investitionen bei Burkhard<\/a>\n\t<\/h3>\n\n\t\n\t<div class=\"entry-excerpt\"><p>[vc_row full_width=\u00a0\u00bbstretch_row\u00a0\u00bb][vc_column][vc_column_text] L\u00f6ttechnik Burkhard investiert in seinen Maschinenpark [\/vc_column_text][vc_column_text]Ein sogenanntes 3D-Laserzentrum wurde in Betrieb genommen. Mit der eine halbe Mio. Euro teuren Anlage sind nun auch Metallbearbeitungen im Bereich der 3D-Laserschneid- und Schwei\u00dftechik m\u00f6glich. vollen Artikel lesen &nbsp; Ver\u00f6ffentlicht im IHK Wirtschaftsmagazin, Ausgabe 1-2\/2014[\/vc_column_text][\/vc_column][\/vc_row][vc_row][vc_column][vc_single_image image=\u00a0\u00bb1915&Prime; img_size=\u00a0\u00bblarge\u00a0\u00bb onclick=\u00a0\u00bblink_image\u00a0\u00bb][\/vc_column][\/vc_row]<\/p>\n<\/div>\n\t\n<a href=\"https:\/\/burkhard-group.com\/fr\/investitionen-bei-burkhard\/\" class=\"post-details details-type-link\" aria-label=\"En savoir plus sur Investitionen bei Burkhard\">Lire la suite<i class=\"dt-icon-the7-arrow-03\" aria-hidden=\"true\"><\/i><\/a>\n\n<\/div><\/article><article class=\"post project-odd visible post-1934 type-post status-publish format-standard has-post-thumbnail hentry category-presse-fr category-43 description-off\" data-name=\"Bei Burkhard gl\u00fchen die Maschinen\" data-date=\"2013-11-06T16:08:16+01:00\">\n\n<div class=\"post-thumbnail-wrap\">\n\t<div class=\"post-thumbnail\">\n\n\t\t\n\t\t\n\t\t<a href=\"https:\/\/burkhard-group.com\/fr\/bei-burkhard-gluehen-die-maschinen\/\" class=\"post-thumbnail-rollover layzr-bg layzr-bg\" ><img decoding=\"async\" class=\"blog-thumb-lazy-load preload-me lazy-load aspect\" src=\"data:image\/svg+xml,%3Csvg%20xmlns%3D&#39;http%3A%2F%2Fwww.w3.org%2F2000%2Fsvg&#39;%20viewBox%3D&#39;0%200%20768%20512&#39;%2F%3E\" data-src=\"https:\/\/burkhard-group.com\/wp-content\/uploads\/2019\/11\/GroupPPI-768x512.jpg\" data-srcset=\"https:\/\/burkhard-group.com\/wp-content\/uploads\/2019\/11\/GroupPPI-768x512.jpg 768w, https:\/\/burkhard-group.com\/wp-content\/uploads\/2019\/11\/GroupPPI-1306x870.jpg 1306w\" loading=\"eager\" style=\"--ratio: 768 \/ 512\" sizes=\"(max-width: 768px) 100vw, 768px\" alt=\"\" title=\"GroupPPI\" width=\"768\" height=\"512\"  \/><\/a>\n\t<\/div>\n<\/div>\n\n\n<div class=\"post-entry-content\">\n\n\t<h3 class=\"entry-title\">\n\t\t<a href=\"https:\/\/burkhard-group.com\/fr\/bei-burkhard-gluehen-die-maschinen\/\" title=\"Bei Burkhard gl\u00fchen die Maschinen\" rel=\"bookmark\">Bei Burkhard gl\u00fchen die Maschinen<\/a>\n\t<\/h3>\n\n\t\n\t<div class=\"entry-excerpt\"><p>[vc_row full_width=\u00a0\u00bbstretch_row\u00a0\u00bb][vc_column][vc_column_text] Firmengruppe setzt auf neues Produkt und plant Erweiterung des Standortes [\/vc_column_text][vc_column_text]Die Zeichen stehen weiterhin auf Wachstum. Das Unternehmen Burkhard investiert in den Maschinenpark, treibt neue Produkte voran und plant eine weitere Halle. Der Spezialist f\u00fcr die thermische Behandlung von Metallteilen sieht eine deutliche Ausweitung des Standortes im Kaufbeurer Gewerbepark vor \u2013 nicht zum&hellip;<\/p>\n<\/div>\n\t\n<a href=\"https:\/\/burkhard-group.com\/fr\/bei-burkhard-gluehen-die-maschinen\/\" class=\"post-details details-type-link\" aria-label=\"En savoir plus sur Bei Burkhard gl\u00fchen die Maschinen\">Lire la suite<i class=\"dt-icon-the7-arrow-03\" aria-hidden=\"true\"><\/i><\/a>\n\n<\/div><\/article><article class=\"post project-odd visible post-1926 type-post status-publish format-standard has-post-thumbnail hentry category-presse-fr category-43 description-off\" data-name=\"Wichtig ist Flexibilit\u00e4t\" data-date=\"2013-11-06T16:07:13+01:00\">\n\n<div class=\"post-thumbnail-wrap\">\n\t<div class=\"post-thumbnail\">\n\n\t\t\n\t\t\n\t\t<a href=\"https:\/\/burkhard-group.com\/fr\/wichtig-ist-flexibilitaet\/\" class=\"post-thumbnail-rollover layzr-bg layzr-bg\" ><img decoding=\"async\" class=\"blog-thumb-lazy-load preload-me lazy-load aspect\" src=\"data:image\/svg+xml,%3Csvg%20xmlns%3D&#39;http%3A%2F%2Fwww.w3.org%2F2000%2Fsvg&#39;%20viewBox%3D&#39;0%200%20768%20512&#39;%2F%3E\" data-src=\"https:\/\/burkhard-group.com\/wp-content\/uploads\/2019\/11\/GroupPPI-768x512.jpg\" data-srcset=\"https:\/\/burkhard-group.com\/wp-content\/uploads\/2019\/11\/GroupPPI-768x512.jpg 768w, https:\/\/burkhard-group.com\/wp-content\/uploads\/2019\/11\/GroupPPI-1306x870.jpg 1306w\" loading=\"eager\" style=\"--ratio: 768 \/ 512\" sizes=\"(max-width: 768px) 100vw, 768px\" alt=\"\" title=\"GroupPPI\" width=\"768\" height=\"512\"  \/><\/a>\n\t<\/div>\n<\/div>\n\n\n<div class=\"post-entry-content\">\n\n\t<h3 class=\"entry-title\">\n\t\t<a href=\"https:\/\/burkhard-group.com\/fr\/wichtig-ist-flexibilitaet\/\" title=\"Wichtig ist Flexibilit\u00e4t\" rel=\"bookmark\">Wichtig ist Flexibilit\u00e4t<\/a>\n\t<\/h3>\n\n\t\n\t<div class=\"entry-excerpt\"><p>[vc_row full_width=\u00a0\u00bbstretch_row\u00a0\u00bb][vc_column][vc_column_text] Unternehmer J\u00fcrgen Burkhard \u00fcber die Zeit nach der Krise [\/vc_column_text][vc_column_text]Erst die Automobil,dann die Wirtschaftskrise \u2013 die Zuliefererbetriebe haben zwei harte Jahre hinter sich. Das Kaufbeurer Unternehmen L\u00f6ttechnik Burkhard hat j\u00fcngst trotzdem mit einer neuen Gesellschaft f\u00fcr Schwei\u00dftechnik weitere Arbeitspl\u00e4tze geschaffen und in den Maschinenpark investiert. Wir sprachen mit dem Gesch\u00e4ftsf\u00fchrer J\u00fcrgen Burkhard. vollen&hellip;<\/p>\n<\/div>\n\t\n<a href=\"https:\/\/burkhard-group.com\/fr\/wichtig-ist-flexibilitaet\/\" class=\"post-details details-type-link\" aria-label=\"En savoir plus sur Wichtig ist Flexibilit\u00e4t\">Lire la suite<i class=\"dt-icon-the7-arrow-03\" aria-hidden=\"true\"><\/i><\/a>\n\n<\/div><\/article><article class=\"post project-odd visible post-1944 type-post status-publish format-standard has-post-thumbnail hentry category-presse-fr category-43 description-off\" data-name=\"Zimmerbuben und Schwei\u00dferinnen\" data-date=\"2013-04-26T16:08:48+02:00\">\n\n<div class=\"post-thumbnail-wrap\">\n\t<div class=\"post-thumbnail\">\n\n\t\t\n\t\t\n\t\t<a href=\"https:\/\/burkhard-group.com\/fr\/zimmerbuben-und-schweisserinnen\/\" class=\"post-thumbnail-rollover layzr-bg layzr-bg\" ><img decoding=\"async\" class=\"blog-thumb-lazy-load preload-me lazy-load aspect\" src=\"data:image\/svg+xml,%3Csvg%20xmlns%3D&#39;http%3A%2F%2Fwww.w3.org%2F2000%2Fsvg&#39;%20viewBox%3D&#39;0%200%20768%20512&#39;%2F%3E\" data-src=\"https:\/\/burkhard-group.com\/wp-content\/uploads\/2013\/04\/Girls-Day-Schweisstechnik-Burkhard_NEU-768x512.jpg\" data-srcset=\"https:\/\/burkhard-group.com\/wp-content\/uploads\/2013\/04\/Girls-Day-Schweisstechnik-Burkhard_NEU-768x512.jpg 768w, https:\/\/burkhard-group.com\/wp-content\/uploads\/2013\/04\/Girls-Day-Schweisstechnik-Burkhard_NEU-1306x870.jpg 1306w\" loading=\"eager\" style=\"--ratio: 768 \/ 512\" sizes=\"(max-width: 768px) 100vw, 768px\" alt=\"\" title=\"Girls Day Schweisstechnik Burkhard\" width=\"768\" height=\"512\"  \/><\/a>\n\t<\/div>\n<\/div>\n\n\n<div class=\"post-entry-content\">\n\n\t<h3 class=\"entry-title\">\n\t\t<a href=\"https:\/\/burkhard-group.com\/fr\/zimmerbuben-und-schweisserinnen\/\" title=\"Zimmerbuben und Schwei\u00dferinnen\" rel=\"bookmark\">Zimmerbuben und Schwei\u00dferinnen<\/a>\n\t<\/h3>\n\n\t\n\t<div class=\"entry-excerpt\"><p>[vc_row full_width=\u00a0\u00bbstretch_row\u00a0\u00bb][vc_column][vc_column_text] Am Girls&rsquo; und Boys&rsquo; Day schnuppern Sch\u00fcler in geschlechtsuntypische Berufe hinein [\/vc_column_text][vc_column_text]Es ist noch recht still im gro\u00dfen Speisesaal des Hotels Goldener Hirsch in Kaufbeuren. Nur ein kleiner Handstaubsauger ist zu h\u00f6ren. Der 13-j\u00e4hrige Sonir versucht gerade, aus jeder Falte der Tischdecken f\u00fcr die Essensanrichte die Kr\u00fcmel herauszubekommen. Im Laufe des Tages darf&hellip;<\/p>\n<\/div>\n\t\n<a href=\"https:\/\/burkhard-group.com\/fr\/zimmerbuben-und-schweisserinnen\/\" class=\"post-details details-type-link\" aria-label=\"En savoir plus sur Zimmerbuben und Schwei\u00dferinnen\">Lire la suite<i class=\"dt-icon-the7-arrow-03\" aria-hidden=\"true\"><\/i><\/a>\n\n<\/div><\/article><\/div>[\/vc_column][\/vc_row][vc_row][vc_column]<div class=\"ult-spacer spacer-69f4306d2d2af\" data-id=\"69f4306d2d2af\" data-height=\"70\" data-height-mobile=\"70\" data-height-tab=\"70\" data-height-tab-portrait=\"\" data-height-mobile-landscape=\"\" style=\"clear:both;display:block;\"><\/div>[\/vc_column][\/vc_row]<\/p>\n<\/div>","protected":false},"excerpt":{"rendered":"<p>[vc_row][vc_column][\/vc_column][\/vc_row][vc_row el_id=\u00a0\u00bbsearch-results-wrapper\u00a0\u00bb][vc_column][\/vc_column][\/vc_row][vc_row][vc_column][\/vc_column][\/vc_row]<\/p>\n","protected":false},"author":1,"featured_media":0,"parent":0,"menu_order":0,"comment_status":"closed","ping_status":"closed","template":"","meta":{"_lmt_disableupdate":"no","_lmt_disable":"","footnotes":""},"class_list":["post-1537","page","type-page","status-publish","hentry","description-off"],"yoast_head":"<!-- This site is optimized with the Yoast SEO plugin v26.8 - https:\/\/yoast.com\/product\/yoast-seo-wordpress\/ -->\n<title>R\u00e9sultats de la recherche - BURKHARD GROUP - soudure | glow | soudure | t\u00eates de pulv\u00e9risation<\/title>\n<meta name=\"robots\" content=\"index, follow, max-snippet:-1, max-image-preview:large, max-video-preview:-1\" \/>\n<link rel=\"canonical\" href=\"https:\/\/burkhard-group.com\/suchergebnisse\/\" \/>\n<meta property=\"og:locale\" content=\"fr_FR\" \/>\n<meta property=\"og:type\" content=\"article\" \/>\n<meta property=\"og:title\" content=\"R\u00e9sultats de la recherche - BURKHARD GROUP - soudure | glow | soudure | t\u00eates de pulv\u00e9risation\" \/>\n<meta property=\"og:description\" content=\"[vc_row][vc_column][\/vc_column][\/vc_row][vc_row el_id=\u00a0\u00bbsearch-results-wrapper\u00a0\u00bb][vc_column][\/vc_column][\/vc_row][vc_row][vc_column][\/vc_column][\/vc_row]\" \/>\n<meta property=\"og:url\" content=\"https:\/\/burkhard-group.com\/suchergebnisse\/\" \/>\n<meta property=\"og:site_name\" content=\"BURKHARD GROUP\" \/>\n<meta property=\"article:publisher\" content=\"https:\/\/de-de.facebook.com\/burkhardgroup\/\" \/>\n<meta property=\"article:modified_time\" content=\"2022-01-21T13:52:29+00:00\" \/>\n<meta name=\"twitter:card\" content=\"summary_large_image\" \/>\n<script type=\"application\/ld+json\" class=\"yoast-schema-graph\">{\"@context\":\"https:\/\/schema.org\",\"@graph\":[{\"@type\":\"WebPage\",\"@id\":\"https:\/\/burkhard-group.com\/suchergebnisse\/\",\"url\":\"https:\/\/burkhard-group.com\/suchergebnisse\/\",\"name\":\"R\u00e9sultats de la recherche - BURKHARD GROUP - soudure | glow | soudure | t\u00eates de pulv\u00e9risation\",\"isPartOf\":{\"@id\":\"https:\/\/burkhard-group.com\/#website\"},\"datePublished\":\"2020-01-28T15:34:05+00:00\",\"dateModified\":\"2022-01-21T13:52:29+00:00\",\"breadcrumb\":{\"@id\":\"https:\/\/burkhard-group.com\/suchergebnisse\/#breadcrumb\"},\"inLanguage\":\"fr-FR\",\"potentialAction\":[{\"@type\":\"ReadAction\",\"target\":[\"https:\/\/burkhard-group.com\/suchergebnisse\/\"]}]},{\"@type\":\"BreadcrumbList\",\"@id\":\"https:\/\/burkhard-group.com\/suchergebnisse\/#breadcrumb\",\"itemListElement\":[{\"@type\":\"ListItem\",\"position\":1,\"name\":\"Startseite\",\"item\":\"https:\/\/burkhard-group.com\/fr\/\"},{\"@type\":\"ListItem\",\"position\":2,\"name\":\"R\u00e9sultats de la recherche\"}]},{\"@type\":\"WebSite\",\"@id\":\"https:\/\/burkhard-group.com\/#website\",\"url\":\"https:\/\/burkhard-group.com\/\",\"name\":\"BURKHARD GROUP\",\"description\":\"Seit 1995 l\u00f6ten, gl\u00fchen und schwei\u00dfen wir aus Leidenschaft und Tradition.\",\"publisher\":{\"@id\":\"https:\/\/burkhard-group.com\/#organization\"},\"potentialAction\":[{\"@type\":\"SearchAction\",\"target\":{\"@type\":\"EntryPoint\",\"urlTemplate\":\"https:\/\/burkhard-group.com\/?s={search_term_string}\"},\"query-input\":{\"@type\":\"PropertyValueSpecification\",\"valueRequired\":true,\"valueName\":\"search_term_string\"}}],\"inLanguage\":\"fr-FR\"},{\"@type\":\"Organization\",\"@id\":\"https:\/\/burkhard-group.com\/#organization\",\"name\":\"Burkhard Group\",\"url\":\"https:\/\/burkhard-group.com\/\",\"logo\":{\"@type\":\"ImageObject\",\"inLanguage\":\"fr-FR\",\"@id\":\"https:\/\/burkhard-group.com\/#\/schema\/logo\/image\/\",\"url\":\"https:\/\/burkhard-group.com\/wp-content\/uploads\/2019\/10\/favicon-120_burkhard-group.png\",\"contentUrl\":\"https:\/\/burkhard-group.com\/wp-content\/uploads\/2019\/10\/favicon-120_burkhard-group.png\",\"width\":120,\"height\":120,\"caption\":\"Burkhard Group\"},\"image\":{\"@id\":\"https:\/\/burkhard-group.com\/#\/schema\/logo\/image\/\"},\"sameAs\":[\"https:\/\/de-de.facebook.com\/burkhardgroup\/\",\"https:\/\/www.instagram.com\/burkhardgroup\/?hl=de\"]}]}<\/script>\n<!-- \/ Yoast SEO plugin. -->","yoast_head_json":{"title":"R\u00e9sultats de la recherche - BURKHARD GROUP - soudure | glow | soudure | t\u00eates de pulv\u00e9risation","robots":{"index":"index","follow":"follow","max-snippet":"max-snippet:-1","max-image-preview":"max-image-preview:large","max-video-preview":"max-video-preview:-1"},"canonical":"https:\/\/burkhard-group.com\/suchergebnisse\/","og_locale":"fr_FR","og_type":"article","og_title":"R\u00e9sultats de la recherche - BURKHARD GROUP - soudure | glow | soudure | t\u00eates de pulv\u00e9risation","og_description":"[vc_row][vc_column][\/vc_column][\/vc_row][vc_row el_id=\u00a0\u00bbsearch-results-wrapper\u00a0\u00bb][vc_column][\/vc_column][\/vc_row][vc_row][vc_column][\/vc_column][\/vc_row]","og_url":"https:\/\/burkhard-group.com\/suchergebnisse\/","og_site_name":"BURKHARD GROUP","article_publisher":"https:\/\/de-de.facebook.com\/burkhardgroup\/","article_modified_time":"2022-01-21T13:52:29+00:00","twitter_card":"summary_large_image","schema":{"@context":"https:\/\/schema.org","@graph":[{"@type":"WebPage","@id":"https:\/\/burkhard-group.com\/suchergebnisse\/","url":"https:\/\/burkhard-group.com\/suchergebnisse\/","name":"R\u00e9sultats de la recherche - BURKHARD GROUP - soudure | glow | soudure | t\u00eates de pulv\u00e9risation","isPartOf":{"@id":"https:\/\/burkhard-group.com\/#website"},"datePublished":"2020-01-28T15:34:05+00:00","dateModified":"2022-01-21T13:52:29+00:00","breadcrumb":{"@id":"https:\/\/burkhard-group.com\/suchergebnisse\/#breadcrumb"},"inLanguage":"fr-FR","potentialAction":[{"@type":"ReadAction","target":["https:\/\/burkhard-group.com\/suchergebnisse\/"]}]},{"@type":"BreadcrumbList","@id":"https:\/\/burkhard-group.com\/suchergebnisse\/#breadcrumb","itemListElement":[{"@type":"ListItem","position":1,"name":"Startseite","item":"https:\/\/burkhard-group.com\/fr\/"},{"@type":"ListItem","position":2,"name":"R\u00e9sultats de la recherche"}]},{"@type":"WebSite","@id":"https:\/\/burkhard-group.com\/#website","url":"https:\/\/burkhard-group.com\/","name":"BURKHARD GROUP","description":"Seit 1995 l\u00f6ten, gl\u00fchen und schwei\u00dfen wir aus Leidenschaft und Tradition.","publisher":{"@id":"https:\/\/burkhard-group.com\/#organization"},"potentialAction":[{"@type":"SearchAction","target":{"@type":"EntryPoint","urlTemplate":"https:\/\/burkhard-group.com\/?s={search_term_string}"},"query-input":{"@type":"PropertyValueSpecification","valueRequired":true,"valueName":"search_term_string"}}],"inLanguage":"fr-FR"},{"@type":"Organization","@id":"https:\/\/burkhard-group.com\/#organization","name":"Burkhard Group","url":"https:\/\/burkhard-group.com\/","logo":{"@type":"ImageObject","inLanguage":"fr-FR","@id":"https:\/\/burkhard-group.com\/#\/schema\/logo\/image\/","url":"https:\/\/burkhard-group.com\/wp-content\/uploads\/2019\/10\/favicon-120_burkhard-group.png","contentUrl":"https:\/\/burkhard-group.com\/wp-content\/uploads\/2019\/10\/favicon-120_burkhard-group.png","width":120,"height":120,"caption":"Burkhard Group"},"image":{"@id":"https:\/\/burkhard-group.com\/#\/schema\/logo\/image\/"},"sameAs":["https:\/\/de-de.facebook.com\/burkhardgroup\/","https:\/\/www.instagram.com\/burkhardgroup\/?hl=de"]}]}},"_links":{"self":[{"href":"https:\/\/burkhard-group.com\/fr\/wp-json\/wp\/v2\/pages\/1537","targetHints":{"allow":["GET"]}}],"collection":[{"href":"https:\/\/burkhard-group.com\/fr\/wp-json\/wp\/v2\/pages"}],"about":[{"href":"https:\/\/burkhard-group.com\/fr\/wp-json\/wp\/v2\/types\/page"}],"author":[{"embeddable":true,"href":"https:\/\/burkhard-group.com\/fr\/wp-json\/wp\/v2\/users\/1"}],"replies":[{"embeddable":true,"href":"https:\/\/burkhard-group.com\/fr\/wp-json\/wp\/v2\/comments?post=1537"}],"version-history":[{"count":1,"href":"https:\/\/burkhard-group.com\/fr\/wp-json\/wp\/v2\/pages\/1537\/revisions"}],"predecessor-version":[{"id":1538,"href":"https:\/\/burkhard-group.com\/fr\/wp-json\/wp\/v2\/pages\/1537\/revisions\/1538"}],"wp:attachment":[{"href":"https:\/\/burkhard-group.com\/fr\/wp-json\/wp\/v2\/media?parent=1537"}],"curies":[{"name":"wp","href":"https:\/\/api.w.org\/{rel}","templated":true}]}}